{"id":458,"date":"2020-08-06T14:19:03","date_gmt":"2020-08-06T12:19:03","guid":{"rendered":"https:\/\/jg-michelsberg.com\/?page_id=458"},"modified":"2020-08-06T18:32:38","modified_gmt":"2020-08-06T16:32:38","slug":"news","status":"publish","type":"page","link":"https:\/\/jg-michelsberg.com\/index.php\/en\/news\/","title":{"rendered":"News"},"content":{"rendered":"<ul class=\"wp-block-latest-posts__list has-dates wp-block-latest-posts\"><li><a class=\"wp-block-latest-posts__post-title\" href=\"https:\/\/jg-michelsberg.com\/index.php\/en\/2025\/09\/15\/notice-rosh-hashanah-on-28-sep-25\/\">Notice: Rosh HaShanah on 28 Sep 25<\/a><time datetime=\"2025-09-15T15:00:00+02:00\" class=\"wp-block-latest-posts__post-date\">September 15, 2025<\/time><div class=\"wp-block-latest-posts__post-excerpt\">Dear community members,dear friends of Progressive Jewish Congregation Michelsberg! The board is cordially inviting you to celebrate Tashlich and Rosh HaShanah. We will meet on Sunday, 28 Sep 25 (first weekend after Rosh HaShanah) on the banks of the Rhine. After Tashlich we invite to celebrate Rosh HaShanah togeter. Please let us know until 21\u2026\u00a0<a class=\"wp-block-latest-posts__read-more\" href=\"https:\/\/jg-michelsberg.com\/index.php\/en\/2025\/09\/15\/notice-rosh-hashanah-on-28-sep-25\/\" rel=\"noopener noreferrer\"><span class=\"screen-reader-text\">Notice: Rosh HaShanah on 28 Sep 25 <\/span>weiterlesen<\/a><\/div><\/li>\n<li><a class=\"wp-block-latest-posts__post-title\" href=\"https:\/\/jg-michelsberg.com\/index.php\/en\/2024\/05\/02\/notice-dir-ins-gesicht-geschrieben-from-05-may-24\/\">Notice: Dir ins Gesicht geschrieben from 05 May 24<\/a><time datetime=\"2024-05-02T10:00:00+02:00\" class=\"wp-block-latest-posts__post-date\">Mai 2, 2024<\/time><div class=\"wp-block-latest-posts__post-excerpt\"><\/div><\/li>\n<li><a class=\"wp-block-latest-posts__post-title\" href=\"https:\/\/jg-michelsberg.com\/index.php\/en\/2024\/03\/15\/advance-booking-shalom-alechem-as-part-of-hr2-kultur-on-05-may-24\/\">Advance Booking: Shalom Alechem as Part of HR2 Kultur on 05 May 24<\/a><time datetime=\"2024-03-15T08:00:00+01:00\" class=\"wp-block-latest-posts__post-date\">M\u00e4rz 15, 2024<\/time><div class=\"wp-block-latest-posts__post-excerpt\">If you want to order tickets with a seat reservation by email, WhatsApp or phone (see second page of the flyer above), here you find the seating plan of the concert hall. Please let us know where you want to sit and we will do our best to accomodate your request.<\/div><\/li>\n<li><a class=\"wp-block-latest-posts__post-title\" href=\"https:\/\/jg-michelsberg.com\/index.php\/en\/2023\/12\/18\/looking-back-on-chanukkah\/\">Looking Back on Chanukkah<\/a><time datetime=\"2023-12-18T10:00:00+01:00\" class=\"wp-block-latest-posts__post-date\">Dezember 18, 2023<\/time><div class=\"wp-block-latest-posts__post-excerpt\">On Friday, 8 December, we had our Chanukkah-Shabbat evening during which Konstantin Konson (Stuttgart) presented his book &#8222;Korach. Ein Romand \u00fcber die Zeit&#8220;. We will remember a wonderful, warm and cordial atmosphere, the children lighting the Chanukkah candles, the new guests and the Ukrainian friends of our congregation who brought great homemade sweets with them.\u2026\u00a0<a class=\"wp-block-latest-posts__read-more\" href=\"https:\/\/jg-michelsberg.com\/index.php\/en\/2023\/12\/18\/looking-back-on-chanukkah\/\" rel=\"noopener noreferrer\"><span class=\"screen-reader-text\">Looking Back on Chanukkah <\/span>weiterlesen<\/a><\/div><\/li>\n<li><a class=\"wp-block-latest-posts__post-title\" href=\"https:\/\/jg-michelsberg.com\/index.php\/en\/2023\/12\/01\/notice-chanukkah-on-08-dec-23-at-1800h\/\">Notice: Chanukkah on 08 Dec 23 at 1800h<\/a><time datetime=\"2023-12-01T11:00:00+01:00\" class=\"wp-block-latest-posts__post-date\">Dezember 1, 2023<\/time><div class=\"wp-block-latest-posts__post-excerpt\"><\/div><\/li>\n<li><a class=\"wp-block-latest-posts__post-title\" href=\"https:\/\/jg-michelsberg.com\/index.php\/en\/2023\/09\/20\/shanah-tova-5784\/\">Shanah Tova 5784<\/a><time datetime=\"2023-09-20T09:00:00+02:00\" class=\"wp-block-latest-posts__post-date\">September 20, 2023<\/time><div class=\"wp-block-latest-posts__post-excerpt\">The board wishes all members, friends and supporters a Shanah Tova u Metuka!!! May this coming year be a sweet one for you and your loved ones! May all your efforts during this coming year be blessed! May this coming year be full of success and prosperity! May you have a year full of love,\u2026\u00a0<a class=\"wp-block-latest-posts__read-more\" href=\"https:\/\/jg-michelsberg.com\/index.php\/en\/2023\/09\/20\/shanah-tova-5784\/\" rel=\"noopener noreferrer\"><span class=\"screen-reader-text\">Shanah Tova 5784 <\/span>weiterlesen<\/a><\/div><\/li>\n<li><a class=\"wp-block-latest-posts__post-title\" href=\"https:\/\/jg-michelsberg.com\/index.php\/en\/2023\/08\/28\/notice-voices-of-exile-on-16-sep-23-at-1900h\/\">Notice: Voices of Exile on 16 Sep 23 at 1900h<\/a><time datetime=\"2023-08-28T19:00:00+02:00\" class=\"wp-block-latest-posts__post-date\">August 28, 2023<\/time><div class=\"wp-block-latest-posts__post-excerpt\"><\/div><\/li>\n<li><a class=\"wp-block-latest-posts__post-title\" href=\"https:\/\/jg-michelsberg.com\/index.php\/en\/2022\/09\/26\/shanah-tova-a-happy-and-sweet-5783\/\">Shanah Tova! A Happy and Sweet 5783!<\/a><time datetime=\"2022-09-26T08:00:00+02:00\" class=\"wp-block-latest-posts__post-date\">September 26, 2022<\/time><div class=\"wp-block-latest-posts__post-excerpt\">We wish you all a happy, healthy and peaceful year 5783 full of prosperity and harmony!<\/div><\/li>\n<li><a class=\"wp-block-latest-posts__post-title\" href=\"https:\/\/jg-michelsberg.com\/index.php\/en\/2022\/09\/18\/konstantin-konson-korach-2\/\">Konstantin Konson: Korach<\/a><time datetime=\"2022-09-18T18:00:00+02:00\" class=\"wp-block-latest-posts__post-date\">September 18, 2022<\/time><div class=\"wp-block-latest-posts__post-excerpt\">Konstantin Korach, who is leading our Shiurim, has published a new Russian-language novel. If you are interested in this book, please feel free to contact us via email.<\/div><\/li>\n<li><a class=\"wp-block-latest-posts__post-title\" href=\"https:\/\/jg-michelsberg.com\/index.php\/en\/2022\/08\/01\/notice-tu-beav-cafe-on-12-aug-22-at-1700h\/\">Notice: Tu Be&#8217;Av Cafe on 12 Aug 22 at 1700h<\/a><time datetime=\"2022-08-01T14:00:00+02:00\" class=\"wp-block-latest-posts__post-date\">August 1, 2022<\/time><div class=\"wp-block-latest-posts__post-excerpt\">On 12 August at 17:00h our Tu Be\u2019Av Caf\u00e9 on ZOOM will be happening. Participate via: https:\/\/us04web.zoom.us\/j\/75208324273?pwd=nMCG-ZKtnqcLNo3LNS-Lpjp7sOkVz7.1 Meeting-ID: 752 0832 4273Code: R7nD5j<\/div><\/li>\n<li><a class=\"wp-block-latest-posts__post-title\" href=\"https:\/\/jg-michelsberg.com\/index.php\/en\/2022\/05\/29\/soundscapes-concert-impressions-from-22-may-22\/\">&#8222;Soundscapes&#8220; Concert Impressions from 22 May 22<\/a><time datetime=\"2022-05-29T15:20:00+02:00\" class=\"wp-block-latest-posts__post-date\">Mai 29, 2022<\/time><div class=\"wp-block-latest-posts__post-excerpt\">Here some impressions from our concert that took place last weekend with an audience of more than 240 people &#8211; the hall was filled to capacity. We have been thrilled about the enormous interest!<\/div><\/li>\n<li><a class=\"wp-block-latest-posts__post-title\" href=\"https:\/\/jg-michelsberg.com\/index.php\/en\/2022\/05\/01\/notice-jewish-soundscapes-as-part-of-hr2-kultur-on-22-may-22\/\">Notice: Jewish Soundscapes as Part of HR2 Kultur on 22 May 22<\/a><time datetime=\"2022-05-01T10:40:00+02:00\" class=\"wp-block-latest-posts__post-date\">Mai 1, 2022<\/time><div class=\"wp-block-latest-posts__post-excerpt\"><\/div><\/li>\n<li><a class=\"wp-block-latest-posts__post-title\" href=\"https:\/\/jg-michelsberg.com\/index.php\/en\/2022\/03\/16\/we-mourn-leon-schwarzbaum\/\">We Mourn Leon Schwarzbaum z&#8220;l<\/a><time datetime=\"2022-03-16T10:00:00+01:00\" class=\"wp-block-latest-posts__post-date\">M\u00e4rz 16, 2022<\/time><div class=\"wp-block-latest-posts__post-excerpt\">Leon Schwarzbaum (20 Feb 1921 &#8211; 14 Mar 2022) Mr Schwarzbaum, whom we had the honour to call &#8222;Henry&#8220;, was the only family member to survive the concentration camps Auschwitz and Buchenwald as well as the death march. We mourn a wonderful Mensch, an important historical figure of Germany&#8217;s history, a member of our congregation\u2026\u00a0<a class=\"wp-block-latest-posts__read-more\" href=\"https:\/\/jg-michelsberg.com\/index.php\/en\/2022\/03\/16\/we-mourn-leon-schwarzbaum\/\" rel=\"noopener noreferrer\"><span class=\"screen-reader-text\">We Mourn Leon Schwarzbaum z&#8220;l <\/span>weiterlesen<\/a><\/div><\/li>\n<li><a class=\"wp-block-latest-posts__post-title\" href=\"https:\/\/jg-michelsberg.com\/index.php\/en\/2022\/03\/13\/notice-discussion-with-philosopher-konstantin-konson-in-russian-on-15-mar-22-at-2000h\/\">Notice: Discussion with Philosopher Konstantin Konson (in Russian) on 15 Mar 22 at 2000h<\/a><time datetime=\"2022-03-13T17:00:00+01:00\" class=\"wp-block-latest-posts__post-date\">M\u00e4rz 13, 2022<\/time><div class=\"wp-block-latest-posts__post-excerpt\">We invite you to our next event in cooperation with Limmud: \u0414\u0440\u0443\u0437\u044c\u044f, \u0434\u0430\u0436\u0435 \u0432 \u0441\u0430\u043c\u044b\u0435 \u0441\u0442\u0440\u0430\u0448\u043d\u044b\u0435 \u0432\u0440\u0435\u043c\u0435\u043d\u0430 \u043d\u0430\u0448 \u0435\u0432\u0440\u0435\u0439\u0441\u043a\u0438\u0439 \u043d\u0430\u0440\u043e\u0434 \u0445\u0440\u0430\u043d\u0438\u043b \u0442\u0440\u0430\u0434\u0438\u0446\u0438\u0438. \u0427\u0435\u0440\u0435\u0437 \u0442\u044b\u0441\u044f\u0447\u0435\u043b\u0435\u0442\u0438\u044f \u043f\u0440\u043e\u043d\u0435\u0441\u043b\u0438 \u0438\u0445 \u043d\u0430\u0448\u0438 \u043f\u0440\u0435\u0434\u043a\u0438 \u0438 \u043f\u0435\u0440\u0435\u0434\u0430\u043b\u0438 \u043d\u0430\u043c. \u0414\u0443\u0445\u043e\u0432\u043d\u044b\u0435 \u043c\u0430\u044f\u043a\u0438 \u043d\u0430\u0448\u0435\u0433\u043e \u043d\u0430\u0440\u043e\u0434\u0430 \u0432\u0441\u0435\u0433\u0434\u0430 \u043e\u0441\u0432\u0435\u0449\u0430\u043b\u0438 \u043d\u0430\u043c \u043f\u0443\u0442\u044c! \u041e\u0434\u043d\u0438\u043c \u0438\u0437 \u0442\u0430\u043a\u0438\u0445 \u043c\u0430\u044f\u043a\u043e\u0432 \u044f\u0432\u043b\u044f\u0435\u0442\u0441\u044f \u041f\u0443\u0440\u0438\u043c. \u041f\u043e\u044d\u0442\u043e\u043c\u0443 \u043f\u0440\u043e\u0435\u043a\u0442 \u201e\u041f\u0435\u0440\u0441\u043f\u0435\u043a\u0442\u0438\u0432\u0430\u201c \u041f\u0440\u043e\u0433\u0440\u0435\u0441\u0441\u0438\u0432\u043d\u043e\u0439 \u0415\u0432\u0440\u0435\u0439\u0441\u043a\u043e\u0439 \u041e\u0431\u0449\u0438\u043d\u044b \u041c\u0438\u0445\u0435\u043b\u044c\u0441\u0431\u0435\u0440\u0433 \u0433. \u0412\u0438\u0441\u0431\u0430\u0434\u0435\u043d \u0440\u0435\u0448\u0438\u043b\u2026\u00a0<a class=\"wp-block-latest-posts__read-more\" href=\"https:\/\/jg-michelsberg.com\/index.php\/en\/2022\/03\/13\/notice-discussion-with-philosopher-konstantin-konson-in-russian-on-15-mar-22-at-2000h\/\" rel=\"noopener noreferrer\"><span class=\"screen-reader-text\">Notice: Discussion with Philosopher Konstantin Konson (in Russian) on 15 Mar 22 at 2000h <\/span>weiterlesen<\/a><\/div><\/li>\n<li><a class=\"wp-block-latest-posts__post-title\" href=\"https:\/\/jg-michelsberg.com\/index.php\/en\/2022\/03\/08\/congregational-services-for-refugees\/\">Congregational Services for Refugees<\/a><time datetime=\"2022-03-08T09:00:00+01:00\" class=\"wp-block-latest-posts__post-date\">M\u00e4rz 8, 2022<\/time><div class=\"wp-block-latest-posts__post-excerpt\">For many days now we are living through an awful time. The war waged by the Russian Army against Ukraine has shaken us to the core. In our thoughts, we are with the people that are in Ukraine, that are fighting for their country or that had to leave their homeland. Many members and friends\u2026\u00a0<a class=\"wp-block-latest-posts__read-more\" href=\"https:\/\/jg-michelsberg.com\/index.php\/en\/2022\/03\/08\/congregational-services-for-refugees\/\" rel=\"noopener noreferrer\"><span class=\"screen-reader-text\">Congregational Services for Refugees <\/span>weiterlesen<\/a><\/div><\/li>\n<li><a class=\"wp-block-latest-posts__post-title\" href=\"https:\/\/jg-michelsberg.com\/index.php\/en\/2022\/03\/07\/information-for-jewish-refugees-from-ukraina-%d0%92%d0%b0%d0%b6%d0%bd%d0%b0%d1%8f-%d0%b8%d0%bd%d1%84%d0%be%d1%80%d0%bc%d0%b0%d1%86%d0%b8%d1%8f-%d0%b4%d0%bb%d1%8f-%d0%b5%d0%b2%d1%80%d0%b5%d0%b9%d1%81\/\">Information for Jewish Refugees From Ukraina \/ \u0412\u0430\u0436\u043d\u0430\u044f \u0438\u043d\u0444\u043e\u0440\u043c\u0430\u0446\u0438\u044f \u0434\u043b\u044f \u0435\u0432\u0440\u0435\u0439\u0441\u043a\u0438\u0445 \u0431\u0435\u0436\u0435\u043d\u0446\u0435\u0432 \u0438\u0437 \u0423\u043a\u0440\u0430\u0438\u043d\u044b \/ \u0412\u0430\u0436\u043b\u0438\u0432\u0430 \u0456\u043d\u0444\u043e\u0440\u043c\u0430\u0446\u0456\u044f \u0434\u043b\u044f \u0454\u0432\u0440\u0435\u0439\u0441\u044c\u043a\u0438\u0445 \u0431\u0456\u0436\u0435\u043d\u0446\u0456\u0432 \u0437 \u0423\u043a\u0440\u0430\u0457\u043d\u0438<\/a><time datetime=\"2022-03-07T09:00:00+01:00\" class=\"wp-block-latest-posts__post-date\">M\u00e4rz 7, 2022<\/time><div class=\"wp-block-latest-posts__post-excerpt\">The information is available in German \/ Russian \/ Ukrainian below. Don&#8217;t hesitate to contact us if you need any help. Es gibt Informationen, dass der Zentralrat der Juden mit der Bundesregierung ausgehandelt hat, dass Juden aus der Ukraine einen Antrag als \u201ej\u00fcdische Zuwanderer\u201c nach Deutschland stellen k\u00f6nnen! Normalerweise kann man diesen Antrag nur im\u2026\u00a0<a class=\"wp-block-latest-posts__read-more\" href=\"https:\/\/jg-michelsberg.com\/index.php\/en\/2022\/03\/07\/information-for-jewish-refugees-from-ukraina-%d0%92%d0%b0%d0%b6%d0%bd%d0%b0%d1%8f-%d0%b8%d0%bd%d1%84%d0%be%d1%80%d0%bc%d0%b0%d1%86%d0%b8%d1%8f-%d0%b4%d0%bb%d1%8f-%d0%b5%d0%b2%d1%80%d0%b5%d0%b9%d1%81\/\" rel=\"noopener noreferrer\"><span class=\"screen-reader-text\">Information for Jewish Refugees From Ukraina \/ \u0412\u0430\u0436\u043d\u0430\u044f \u0438\u043d\u0444\u043e\u0440\u043c\u0430\u0446\u0438\u044f \u0434\u043b\u044f \u0435\u0432\u0440\u0435\u0439\u0441\u043a\u0438\u0445 \u0431\u0435\u0436\u0435\u043d\u0446\u0435\u0432 \u0438\u0437 \u0423\u043a\u0440\u0430\u0438\u043d\u044b \/ \u0412\u0430\u0436\u043b\u0438\u0432\u0430 \u0456\u043d\u0444\u043e\u0440\u043c\u0430\u0446\u0456\u044f \u0434\u043b\u044f \u0454\u0432\u0440\u0435\u0439\u0441\u044c\u043a\u0438\u0445 \u0431\u0456\u0436\u0435\u043d\u0446\u0456\u0432 \u0437 \u0423\u043a\u0440\u0430\u0457\u043d\u0438 <\/span>weiterlesen<\/a><\/div><\/li>\n<li><a class=\"wp-block-latest-posts__post-title\" href=\"https:\/\/jg-michelsberg.com\/index.php\/en\/2022\/03\/06\/1033\/\">Aid Agencies for Refugees from Ukraine<\/a><time datetime=\"2022-03-06T17:00:00+01:00\" class=\"wp-block-latest-posts__post-date\">M\u00e4rz 6, 2022<\/time><div class=\"wp-block-latest-posts__post-excerpt\">The Following Resources are in German, if you are not speaking German, feel free to contact us. We also have members that can help translating Ukrainian\/Russian. Ukraine-Hilfe BerlinMit medizinischer und humanit\u00e4rer Hilfe engagiert sich die&nbsp;Ukraine-Hilfe Berlin. Unterst\u00fctzen kann man den Verein mit Geld- und Sachspenden oder indem man selbst Mitglied wird. Spendenkonto:Ukraine-Hilfe Berlin e.V.IBAN: DE24\u2026\u00a0<a class=\"wp-block-latest-posts__read-more\" href=\"https:\/\/jg-michelsberg.com\/index.php\/en\/2022\/03\/06\/1033\/\" rel=\"noopener noreferrer\"><span class=\"screen-reader-text\">Aid Agencies for Refugees from Ukraine <\/span>weiterlesen<\/a><\/div><\/li>\n<li><a class=\"wp-block-latest-posts__post-title\" href=\"https:\/\/jg-michelsberg.com\/index.php\/en\/2022\/02\/16\/notice-jewish-soundscapes-in-hesse-over-the-centuries\/\">Notice: Jewish Soundscapes in Hesse Over the Centuries<\/a><time datetime=\"2022-02-16T18:00:00+01:00\" class=\"wp-block-latest-posts__post-date\">Februar 16, 2022<\/time><div class=\"wp-block-latest-posts__post-excerpt\">For 1,700 years, Jewish music is part of Germany. Over the centuries, the life of Jews in Hesse changed and alongside colorful soundscapes developed. We are presenting a short history of Jewish musical culture in Hesse: From religious to folk music, from Klezmer to Jewish composers and musicians that have worked and still work in\u2026\u00a0<a class=\"wp-block-latest-posts__read-more\" href=\"https:\/\/jg-michelsberg.com\/index.php\/en\/2022\/02\/16\/notice-jewish-soundscapes-in-hesse-over-the-centuries\/\" rel=\"noopener noreferrer\"><span class=\"screen-reader-text\">Notice: Jewish Soundscapes in Hesse Over the Centuries <\/span>weiterlesen<\/a><\/div><\/li>\n<li><a class=\"wp-block-latest-posts__post-title\" href=\"https:\/\/jg-michelsberg.com\/index.php\/en\/2022\/02\/07\/solidarity-note-islamic-culture-center-halle\/\">Solidarity Note Islamic Culture Center Halle<\/a><time datetime=\"2022-02-07T13:00:00+01:00\" class=\"wp-block-latest-posts__post-date\">Februar 7, 2022<\/time><div class=\"wp-block-latest-posts__post-excerpt\">Liebe Mitglieder des Islamischen Kulturcenters, lieber Zentralrat der Muslime in Deutschland, wir, die Progressive J\u00fcdische Gemeinde Michelsberg in Wiesbaden, m\u00f6chten unsere Solidarit\u00e4t mit Ihrer Gemeinde nach dem j\u00fcngsten Angriff ausdr\u00fccken. Ein Angriff auf eine Minderheit ist letztlich ein Angriff auf alle und muss so deutlich wie m\u00f6glich verurteilt werden. Wir m\u00f6chten Ihnen mitteilen, dass Sie\u2026\u00a0<a class=\"wp-block-latest-posts__read-more\" href=\"https:\/\/jg-michelsberg.com\/index.php\/en\/2022\/02\/07\/solidarity-note-islamic-culture-center-halle\/\" rel=\"noopener noreferrer\"><span class=\"screen-reader-text\">Solidarity Note Islamic Culture Center Halle <\/span>weiterlesen<\/a><\/div><\/li>\n<li><a class=\"wp-block-latest-posts__post-title\" href=\"https:\/\/jg-michelsberg.com\/index.php\/en\/2022\/01\/30\/tu-bishvat-impressions\/\">Tu BiShvat Impressions<\/a><time datetime=\"2022-01-30T14:00:00+01:00\" class=\"wp-block-latest-posts__post-date\">Januar 30, 2022<\/time><div class=\"wp-block-latest-posts__post-excerpt\">Better late than never &#8211; here are a few impressions of some of our new members meeting on the occasion of Tu BiShvat:<\/div><\/li>\n<li><a class=\"wp-block-latest-posts__post-title\" href=\"https:\/\/jg-michelsberg.com\/index.php\/en\/2021\/12\/09\/torah-portion-vayigash\/\">Torah Portion Vayigash<\/a><time datetime=\"2021-12-09T16:30:00+01:00\" class=\"wp-block-latest-posts__post-date\">Dezember 9, 2021<\/time><div class=\"wp-block-latest-posts__post-excerpt\"><\/div><\/li>\n<li><a class=\"wp-block-latest-posts__post-title\" href=\"https:\/\/jg-michelsberg.com\/index.php\/en\/2021\/11\/29\/chanukkah-sameach\/\">Chanukkah Sameach!<\/a><time datetime=\"2021-11-29T06:30:00+01:00\" class=\"wp-block-latest-posts__post-date\">November 29, 2021<\/time><div class=\"wp-block-latest-posts__post-excerpt\">With this little concert performed by Lidia &amp; Jens we wish all a Chag Chanukkah Sameach!<\/div><\/li>\n<li><a class=\"wp-block-latest-posts__post-title\" href=\"https:\/\/jg-michelsberg.com\/index.php\/en\/2021\/10\/27\/notice-hiking-excursion-on-30-oct-21\/\">Notice: Hiking Excursion on 30 Oct 21<\/a><time datetime=\"2021-10-27T07:00:00+02:00\" class=\"wp-block-latest-posts__post-date\">Oktober 27, 2021<\/time><div class=\"wp-block-latest-posts__post-excerpt\">On 30 Oct 2021, meeting time at 0915h CEST, there will be an excursion near Mainz\/Wiesbaden: Please send a short mail to kontakt@jg-michelsberg.com if you will participate.<\/div><\/li>\n<li><a class=\"wp-block-latest-posts__post-title\" href=\"https:\/\/jg-michelsberg.com\/index.php\/en\/2021\/09\/24\/notice-poems-a-story-about-time-in-russian-on-02-oct-21-in-wiesbaden-2\/\">Notice: Poems &#038; a Story About Time (in Russian) on 02 Oct 21 in Wiesbaden<\/a><time datetime=\"2021-09-24T13:00:00+02:00\" class=\"wp-block-latest-posts__post-date\">September 24, 2021<\/time><div class=\"wp-block-latest-posts__post-excerpt\">On 02 October 2021 at 1900h CEST our next event, supported by Limmud, is taking place at the Georg-Buch-Haus in Wiesbaden: We are looking forward to seeing you there!<\/div><\/li>\n<li><a class=\"wp-block-latest-posts__post-title\" href=\"https:\/\/jg-michelsberg.com\/index.php\/en\/2021\/09\/19\/impressions-from-zeitzeugengespraech\/\">Impressions from Zeitzeugengespr\u00e4ch<\/a><time datetime=\"2021-09-19T12:20:00+02:00\" class=\"wp-block-latest-posts__post-date\">September 19, 2021<\/time><div class=\"wp-block-latest-posts__post-excerpt\">Due to the High Holidays a little bit delayed, here are a few impressions from our event Zeitzeugengespr\u00e4ch on 01 September, where also a panel discussion including the director Volker Schl\u00f6ndorff and the former mayor of Wiesbaden, Achim Exner took place:<\/div><\/li>\n<li><a class=\"wp-block-latest-posts__post-title\" href=\"https:\/\/jg-michelsberg.com\/index.php\/en\/2021\/09\/10\/the-call-that-awakens-the-soul\/\">The Call That Awakens the Soul<\/a><time datetime=\"2021-09-10T10:15:00+02:00\" class=\"wp-block-latest-posts__post-date\">September 10, 2021<\/time><div class=\"wp-block-latest-posts__post-excerpt\">To bridge the gap until Yom Kippur, here is a slightly unconventional Shofar:<\/div><\/li>\n<li><a class=\"wp-block-latest-posts__post-title\" href=\"https:\/\/jg-michelsberg.com\/index.php\/en\/2021\/09\/06\/notice-rosh-hashana-party-18-27-on-11-sep-at-2000h\/\">Notice: Rosh Hashana Party 18-27 on 11 Sep at 20:00h<\/a><time datetime=\"2021-09-06T08:00:00+02:00\" class=\"wp-block-latest-posts__post-date\">September 6, 2021<\/time><div class=\"wp-block-latest-posts__post-excerpt\">To all those being between 18 and 27 years old, here is our invitation to our Rosh Hashanah party: Don&#8217;t worry if you don&#8217;t speak German (or Russian), you are most welcome, but please register with us by email to anmeldung@jg-michelsberg.com with your current COVID-19 vaccination or recovery confirmation.<\/div><\/li>\n<li><a class=\"wp-block-latest-posts__post-title\" href=\"https:\/\/jg-michelsberg.com\/index.php\/en\/2021\/09\/03\/shanah-tova-a-happy-and-sweet-5782\/\">Shanah Tova! A Happy and Sweet 5782!<\/a><time datetime=\"2021-09-03T09:45:00+02:00\" class=\"wp-block-latest-posts__post-date\">September 3, 2021<\/time><div class=\"wp-block-latest-posts__post-excerpt\">Dear fellow Jewesses and Jews, no matter whether you only have a Jewish mother, only a Jewish father, two Jewish parents or you are a convert, no matter your skin colour, nationality, sexual orientation and gender identity, no matter if you are orthodox, liberal or strictly secular and no matter of which age you are:\u2026\u00a0<a class=\"wp-block-latest-posts__read-more\" href=\"https:\/\/jg-michelsberg.com\/index.php\/en\/2021\/09\/03\/shanah-tova-a-happy-and-sweet-5782\/\" rel=\"noopener noreferrer\"><span class=\"screen-reader-text\">Shanah Tova! A Happy and Sweet 5782! <\/span>weiterlesen<\/a><\/div><\/li>\n<li><a class=\"wp-block-latest-posts__post-title\" href=\"https:\/\/jg-michelsberg.com\/index.php\/en\/2021\/08\/22\/notice-premiere-zeitzeugengespraech-01-sep-21-1100h\/\">Notice: Premiere &#8222;Zeitzeugengespr\u00e4ch&#8220; 01 Sep 21 at 11:00h<\/a><time datetime=\"2021-08-22T11:00:00+02:00\" class=\"wp-block-latest-posts__post-date\">August 22, 2021<\/time><div class=\"wp-block-latest-posts__post-excerpt\">On 01 Sep 2021 at 11:00h at Caligari Filmb\u00fchne in Wiesbaden the premiere of the new documentary of Volker Schl\u00f6ndorff on the occasion of the 100th birthday of our honorary member Leon Schwarzbaum with subsequent discussion with the participants will take place. Below you find more information and the possibility to register:<\/div><\/li>\n<li><a class=\"wp-block-latest-posts__post-title\" href=\"https:\/\/jg-michelsberg.com\/index.php\/en\/2021\/08\/13\/notice-rachel-yadvashem-in-russian-on-16-aug-21-on-zoom\/\">Notice: Rachel &#038; YadVashem (in Russian) on 16 Aug 21 on ZOOM<\/a><time datetime=\"2021-08-13T07:30:00+02:00\" class=\"wp-block-latest-posts__post-date\">August 13, 2021<\/time><div class=\"wp-block-latest-posts__post-excerpt\">On 16 August 2021 at 1930h CEST our next virtual event in the Russian-language series \u041f\u0440\u043e\u0435\u043a\u0442 \u041f\u0435\u0440\u0441\u043f\u0435\u043a\u0442\u0438\u0432\u0430 will be taking place on ZOOM: Participate via: https:\/\/us02web.zoom.us\/j\/81750427500?pwd=NnNmaXg5ek1XRys4dTBNa1NJQ2dLdz09 (Meeting-ID: 817 5042 7500, code: 827291)<\/div><\/li>\n<li><a class=\"wp-block-latest-posts__post-title\" href=\"https:\/\/jg-michelsberg.com\/index.php\/en\/2021\/07\/20\/save-the-date-01-sep-21-1000h-2\/\">Save The Date: 01 Sep 21 10:00h<\/a><time datetime=\"2021-07-20T07:45:00+02:00\" class=\"wp-block-latest-posts__post-date\">Juli 20, 2021<\/time><div class=\"wp-block-latest-posts__post-excerpt\">On 01 September at 10:00h there will be the premiere of the new film about our member Leon Schwarzbaum made by Volker Schl\u00f6ndorff at Caligari FilmB\u00fchne in Wiesbaden. The full announcement will be following but if you are interested in the premiere, feel free to contact us!<\/div><\/li>\n<li><a class=\"wp-block-latest-posts__post-title\" href=\"https:\/\/jg-michelsberg.com\/index.php\/en\/2021\/07\/13\/looking-back-on-two-limmud-fsu-labs-events\/\">Looking Back on Two Limmud FSU Labs Events<\/a><time datetime=\"2021-07-13T11:30:00+02:00\" class=\"wp-block-latest-posts__post-date\">Juli 13, 2021<\/time><div class=\"wp-block-latest-posts__post-excerpt\">Enjoy a few impressions from our last Russian-language Limmud FSU Labs ZOOM event. On 28 June and on 16 April we had two interesting and sometimes controversial debates with about 60 participants. An additional, this time German-language event is in the pipeline, as always watch this space.<\/div><\/li>\n<li><a class=\"wp-block-latest-posts__post-title\" href=\"https:\/\/jg-michelsberg.com\/index.php\/en\/2021\/06\/27\/notice-%d0%98%d0%a3%d0%94%d0%90%d0%98%d0%97%d0%9c-%d0%a0%d0%95%d0%9b%d0%98%d0%93%d0%98%d0%af-%d0%9a%d0%9e%d0%9d%d0%a2%d0%a0%d0%90%d0%a1%d0%a2%d0%9e%d0%92-on-28-jun-21-on-zoom\/\">Notice: \u0418\u0423\u0414\u0410\u0418\u0417\u041c \u2013 \u0420\u0415\u041b\u0418\u0413\u0418\u042f \u041a\u041e\u041d\u0422\u0420\u0410\u0421\u0422\u041e\u0412 on 28 Jun 21 on ZOOM<\/a><time datetime=\"2021-06-27T07:00:00+02:00\" class=\"wp-block-latest-posts__post-date\">Juni 27, 2021<\/time><div class=\"wp-block-latest-posts__post-excerpt\">On 28 June 2021 at 2000h CEST our second virtual event in the Russian-language series \u041f\u0440\u043e\u0435\u043a\u0442 \u041f\u0435\u0440\u0441\u043f\u0435\u043a\u0442\u0438\u0432\u0430 will be taking place on ZOOM: Participate via: https:\/\/us02web.zoom.us\/j\/85923212498?pwd=Tm5PYlZzQW92Z2JnR2J5cmtIMVVlQT09 (Meeting-ID: 859 2321 2498, code: 898297)<\/div><\/li>\n<li><a class=\"wp-block-latest-posts__post-title\" href=\"https:\/\/jg-michelsberg.com\/index.php\/en\/2021\/04\/26\/portrait-of-our-congregation-in-the-frankfurter-rundschau\/\">Portrait of Our Congregation in The Frankfurter Rundschau<\/a><time datetime=\"2021-04-26T16:50:00+02:00\" class=\"wp-block-latest-posts__post-date\">April 26, 2021<\/time><div class=\"wp-block-latest-posts__post-excerpt\">No longer brand new, but nonetheless do we still think that this is noteworthy: Diana Unkart wrote on 21 Mar 2021 and only slightly more than one year after our founding in the Frankfurter Rundschau in the article &#8222;Ein lebendiges, sichtbares Judentum&#8220;: Eine neue Wiesbadener Gemeinde will Religion zeitgem\u00e4\u00df leben. Ihre Mitglieder wollen sich in\u2026\u00a0<a class=\"wp-block-latest-posts__read-more\" href=\"https:\/\/jg-michelsberg.com\/index.php\/en\/2021\/04\/26\/portrait-of-our-congregation-in-the-frankfurter-rundschau\/\" rel=\"noopener noreferrer\"><span class=\"screen-reader-text\">Portrait of Our Congregation in The Frankfurter Rundschau <\/span>weiterlesen<\/a><\/div><\/li>\n<li><a class=\"wp-block-latest-posts__post-title\" href=\"https:\/\/jg-michelsberg.com\/index.php\/en\/2021\/04\/12\/teaser-zoom-link-for-%d0%9f%d1%80%d0%be%d0%b5%d0%ba%d1%82-%d0%9f%d0%b5%d1%80%d1%81%d0%bf%d0%b5%d0%ba%d1%82%d0%b8%d0%b2%d0%b0-on-16-04-21\/\">Teaser &#038; ZOOM Link for \u041f\u0440\u043e\u0435\u043a\u0442 \u041f\u0435\u0440\u0441\u043f\u0435\u043a\u0442\u0438\u0432\u0430 on 16 Apr 21<\/a><time datetime=\"2021-04-12T17:50:00+02:00\" class=\"wp-block-latest-posts__post-date\">April 12, 2021<\/time><div class=\"wp-block-latest-posts__post-excerpt\">Curious? Participate on 16.04. at 1900h CEST: https:\/\/us05web.zoom.us\/j\/89167459063?pwd=K25mRmNxZDhNTlhZVE9ZWTBIdkdWZz09 ZOOM password on request.<\/div><\/li>\n<li><a class=\"wp-block-latest-posts__post-title\" href=\"https:\/\/jg-michelsberg.com\/index.php\/en\/2021\/04\/04\/notice-%d0%9f%d1%80%d0%be%d0%b5%d0%ba%d1%82-%d0%9f%d0%b5%d1%80%d1%81%d0%bf%d0%b5%d0%ba%d1%82%d0%b8%d0%b2%d0%b0-on-16-apr-21-on-zoom\/\">Notice: \u041f\u0440\u043e\u0435\u043a\u0442 \u041f\u0435\u0440\u0441\u043f\u0435\u043a\u0442\u0438\u0432\u0430 on 16 Apr 21 on ZOOM<\/a><time datetime=\"2021-04-04T11:20:00+02:00\" class=\"wp-block-latest-posts__post-date\">April 4, 2021<\/time><div class=\"wp-block-latest-posts__post-excerpt\">On 16 April 2021 at 1900h CEST our first virtual event in the Russian-language series \u041f\u0440\u043e\u0435\u043a\u0442 \u041f\u0435\u0440\u0441\u043f\u0435\u043a\u0442\u0438\u0432\u0430 will be taking place on ZOOM: Feel free to contact us to get the access details!<\/div><\/li>\n<li><a class=\"wp-block-latest-posts__post-title\" href=\"https:\/\/jg-michelsberg.com\/index.php\/en\/2021\/04\/04\/we-are-now-on-facebook\/\">We Are Now on Facebook!<\/a><time datetime=\"2021-04-04T11:05:00+02:00\" class=\"wp-block-latest-posts__post-date\">April 4, 2021<\/time><div class=\"wp-block-latest-posts__post-excerpt\">At https:\/\/www.facebook.com\/JGMichelsberg\/ you will find our new Facebook page. Especially for our Russian-speaking members and friends we will offer a platform for exchange of ideas and networking. We are looking forward to seeing you over there!<\/div><\/li>\n<li><a class=\"wp-block-latest-posts__post-title\" href=\"https:\/\/jg-michelsberg.com\/index.php\/en\/2021\/03\/26\/chag-pessach-sameach-2\/\">Chag Pessach Sameach<\/a><time datetime=\"2021-03-26T08:10:00+01:00\" class=\"wp-block-latest-posts__post-date\">M\u00e4rz 26, 2021<\/time><div class=\"wp-block-latest-posts__post-excerpt\">We wish a happy and blessed Passover 5781 to all our members and friends!<\/div><\/li>\n<li><a class=\"wp-block-latest-posts__post-title\" href=\"https:\/\/jg-michelsberg.com\/index.php\/en\/2021\/01\/31\/calling-all-students-send-questions-for-schloendorff-documentary-about-our-honorary-member\/\">Calling All Students: Send Questions For Schl\u00f6ndorff Documentary About Our Honorary Member<\/a><time datetime=\"2021-01-31T13:13:00+01:00\" class=\"wp-block-latest-posts__post-date\">Januar 31, 2021<\/time><div class=\"wp-block-latest-posts__post-excerpt\">Dear Students, Azubis, Headmasters and Teachers, since due to the ongoing pandemic still no public events may take place, including the remembrance day on 27 January 2021 regarding the Liberation of Auschwitz, we are inviting you all to a very special joint project: On 20 February 2021 our Honorary Member Leon Schwarzbaum will celebrate his\u2026\u00a0<a class=\"wp-block-latest-posts__read-more\" href=\"https:\/\/jg-michelsberg.com\/index.php\/en\/2021\/01\/31\/calling-all-students-send-questions-for-schloendorff-documentary-about-our-honorary-member\/\" rel=\"noopener noreferrer\"><span class=\"screen-reader-text\">Calling All Students: Send Questions For Schl\u00f6ndorff Documentary About Our Honorary Member <\/span>weiterlesen<\/a><\/div><\/li>\n<li><a class=\"wp-block-latest-posts__post-title\" href=\"https:\/\/jg-michelsberg.com\/index.php\/en\/2020\/12\/30\/happy-new-year-2021\/\">Happy New Year 2021!<\/a><time datetime=\"2020-12-30T12:30:00+01:00\" class=\"wp-block-latest-posts__post-date\">Dezember 30, 2020<\/time><div class=\"wp-block-latest-posts__post-excerpt\">Dear members, dear friends, with this little Hanukkah song, sung by two of our youngest members, we wish all a Happy New Year 2021. May good luck and good fortune always be with you!<\/div><\/li>\n<li><a class=\"wp-block-latest-posts__post-title\" href=\"https:\/\/jg-michelsberg.com\/index.php\/en\/2020\/12\/29\/the-story-of-our-hanukkiah\/\">The Story of Our Hanukkiah<\/a><time datetime=\"2020-12-29T16:30:00+01:00\" class=\"wp-block-latest-posts__post-date\">Dezember 29, 2020<\/time><div class=\"wp-block-latest-posts__post-excerpt\">The Hanukkah-Candelabrum which we intended to kindle on the last day of Hanukkah in front of the Hessischer Landtag (Hessian State Parliament) has been built by the Jewish, Muslim and Christian metal-work apprentices of the Wiesbadener Jugendwerkstatt (Youth Workshop of the City of Wiesbaden). \u05ea\u05d5\u05d3\u05d4 \u05e8\u05d1\u05d4 (Todah Rabah, Thank you very much) from all members\u2026\u00a0<a class=\"wp-block-latest-posts__read-more\" href=\"https:\/\/jg-michelsberg.com\/index.php\/en\/2020\/12\/29\/the-story-of-our-hanukkiah\/\" rel=\"noopener noreferrer\"><span class=\"screen-reader-text\">The Story of Our Hanukkiah <\/span>weiterlesen<\/a><\/div><\/li>\n<li><a class=\"wp-block-latest-posts__post-title\" href=\"https:\/\/jg-michelsberg.com\/index.php\/en\/2020\/12\/22\/photo-gallery-2020\/\">Photo Gallery 2020<\/a><time datetime=\"2020-12-22T10:41:11+01:00\" class=\"wp-block-latest-posts__post-date\">Dezember 22, 2020<\/time><div class=\"wp-block-latest-posts__post-excerpt\">The year 2020 C.E. was full of huge challenges for all of us and we are still fighting the biggest one, COVID-19. Therefore below a small photo gallery of some of the more positive moments of the first (common era) year of our congregation.<\/div><\/li>\n<li><a class=\"wp-block-latest-posts__post-title\" href=\"https:\/\/jg-michelsberg.com\/index.php\/en\/2020\/12\/07\/notice-hanukkah-on-17-dec-20-at-schlossplatz-2\/\">Notice: UPDATE 2 &#8211; Hanukkah on 17 Dec 20 at Schlossplatz<\/a><time datetime=\"2020-12-07T10:10:22+01:00\" class=\"wp-block-latest-posts__post-date\">Dezember 7, 2020<\/time><div class=\"wp-block-latest-posts__post-excerpt\">Update 17 December: Due to the radically worsening situation in Wiesbaden, we will not erect a Hanukkiah today. Update 16 December: Due to the current situation, the event below has been cancelled. The Hanukkiah will be erected and kindled without any further celebrations. We cordially invite you to our Jewish Festival of Lights, Hanukkah 2020\u2026\u00a0<a class=\"wp-block-latest-posts__read-more\" href=\"https:\/\/jg-michelsberg.com\/index.php\/en\/2020\/12\/07\/notice-hanukkah-on-17-dec-20-at-schlossplatz-2\/\" rel=\"noopener noreferrer\"><span class=\"screen-reader-text\">Notice: UPDATE 2 &#8211; Hanukkah on 17 Dec 20 at Schlossplatz <\/span>weiterlesen<\/a><\/div><\/li>\n<li><a class=\"wp-block-latest-posts__post-title\" href=\"https:\/\/jg-michelsberg.com\/index.php\/en\/2020\/11\/11\/campaign-emtpy-shoes-on-10-nov-2020\/\">Campaign &#8222;Emtpy Shoes&#8220; on 10 Nov 2020<\/a><time datetime=\"2020-11-11T14:06:17+01:00\" class=\"wp-block-latest-posts__post-date\">November 11, 2020<\/time><div class=\"wp-block-latest-posts__post-excerpt\">If you have been at the Memorial Site on Michelsberg in Wiesbaden on 10 Nov 2020, then you have been able to see half a Star of David, formed by empty shoes. On 10 Nov 2020 at 0530h &#8211; the point in time when the Synagogue on the Michelsberg has been ablaze 82 years ago\u2026\u00a0<a class=\"wp-block-latest-posts__read-more\" href=\"https:\/\/jg-michelsberg.com\/index.php\/en\/2020\/11\/11\/campaign-emtpy-shoes-on-10-nov-2020\/\" rel=\"noopener noreferrer\"><span class=\"screen-reader-text\">Campaign &#8222;Emtpy Shoes&#8220; on 10 Nov 2020 <\/span>weiterlesen<\/a><\/div><\/li>\n<li><a class=\"wp-block-latest-posts__post-title\" href=\"https:\/\/jg-michelsberg.com\/index.php\/en\/2020\/11\/08\/notice-vigil-on-10-nov-20-on-occasion-of-destruction-of-reform-synagogue\/\">Notice: Vigil on 10 Nov 20 on Occasion of Destruction of Reform Synagogue<\/a><time datetime=\"2020-11-08T12:45:51+01:00\" class=\"wp-block-latest-posts__post-date\">November 8, 2020<\/time><div class=\"wp-block-latest-posts__post-excerpt\">On 10 November 2020 at 0530h &#8211; the moment, at which the building was ablaze &#8211; we will at the Michelsberg Memorial Site hold a vigil and commemoration event on the occasion of the destruction of the Reform Synagogue 82 years ago. Of course all the currently required and due to the circumstances appropriate social\u2026\u00a0<a class=\"wp-block-latest-posts__read-more\" href=\"https:\/\/jg-michelsberg.com\/index.php\/en\/2020\/11\/08\/notice-vigil-on-10-nov-20-on-occasion-of-destruction-of-reform-synagogue\/\" rel=\"noopener noreferrer\"><span class=\"screen-reader-text\">Notice: Vigil on 10 Nov 20 on Occasion of Destruction of Reform Synagogue <\/span>weiterlesen<\/a><\/div><\/li>\n<li><a class=\"wp-block-latest-posts__post-title\" href=\"https:\/\/jg-michelsberg.com\/index.php\/en\/2020\/11\/06\/we-are-officially-a-registered-association-e-v-now-2\/\">We Are Officially a \u201cRegistered Association\u201d (e.V.) Now<\/a><time datetime=\"2020-11-06T10:13:03+01:00\" class=\"wp-block-latest-posts__post-date\">November 6, 2020<\/time><div class=\"wp-block-latest-posts__post-excerpt\">A challenging year 2020 also for our members and us will draw to a close soon, but we do have some good news that are worthy of a short update: We are officially a registered association (&#8222;eingetragener Verein&#8220; or e.V.) now and we already have a provisional recognition of our charitable status from the tax\u2026\u00a0<a class=\"wp-block-latest-posts__read-more\" href=\"https:\/\/jg-michelsberg.com\/index.php\/en\/2020\/11\/06\/we-are-officially-a-registered-association-e-v-now-2\/\" rel=\"noopener noreferrer\"><span class=\"screen-reader-text\">We Are Officially a \u201cRegistered Association\u201d (e.V.) Now <\/span>weiterlesen<\/a><\/div><\/li>\n<li><a class=\"wp-block-latest-posts__post-title\" href=\"https:\/\/jg-michelsberg.com\/index.php\/en\/2020\/10\/08\/yom-kippur-5781-and-sukkot\/\">Yom Kippur 5781 and Sukkot<\/a><time datetime=\"2020-10-08T07:29:05+02:00\" class=\"wp-block-latest-posts__post-date\">Oktober 8, 2020<\/time><div class=\"wp-block-latest-posts__post-excerpt\">Dear reader, if you have been visiting our site earlier already: Our article about Yom Kippur was part of the New Year Seder article before, which lead to some misunderstandings, so we now split it in two. Of course we celebrated Yom Kippur, the Jewish Day of Atonement in a modern way but in accordance\u2026\u00a0<a class=\"wp-block-latest-posts__read-more\" href=\"https:\/\/jg-michelsberg.com\/index.php\/en\/2020\/10\/08\/yom-kippur-5781-and-sukkot\/\" rel=\"noopener noreferrer\"><span class=\"screen-reader-text\">Yom Kippur 5781 and Sukkot <\/span>weiterlesen<\/a><\/div><\/li>\n<li><a class=\"wp-block-latest-posts__post-title\" href=\"https:\/\/jg-michelsberg.com\/index.php\/en\/2020\/10\/07\/new-year-seder-and-yom-kippur-5781\/\">New Year Seder<\/a><time datetime=\"2020-10-07T20:02:40+02:00\" class=\"wp-block-latest-posts__post-date\">Oktober 7, 2020<\/time><div class=\"wp-block-latest-posts__post-excerpt\">Dear reader, if you have been visiting our site earlier already: This article in a past version also contained our Yom Kippur experience, which lead to some misunderstandings, so we now split it in two. On the second day of the Rosh Hashanah holiday we had organised a &#8222;Seder&#8220; (a lunch with special, symbolic food)\u2026\u00a0<a class=\"wp-block-latest-posts__read-more\" href=\"https:\/\/jg-michelsberg.com\/index.php\/en\/2020\/10\/07\/new-year-seder-and-yom-kippur-5781\/\" rel=\"noopener noreferrer\"><span class=\"screen-reader-text\">New Year Seder <\/span>weiterlesen<\/a><\/div><\/li>\n<li><a class=\"wp-block-latest-posts__post-title\" href=\"https:\/\/jg-michelsberg.com\/index.php\/en\/2020\/10\/05\/a-lot-of-political-support-at-rosh-hashanah\/\">A Lot of Political Support At Rosh Hashanah<\/a><time datetime=\"2020-10-05T16:15:14+02:00\" class=\"wp-block-latest-posts__post-date\">Oktober 5, 2020<\/time><div class=\"wp-block-latest-posts__post-excerpt\">Through the rebirth of the Jewish Congregation at Michelsberg, Progressive Judaism is visible again in Wiesbaden &#8211; and we have celebrated our first Jewish New Year with a lot of political support! Our congregation is member of the World Union of Progressive Judaism, the biggest Jewish movement in the world with 1.8 million members in\u2026\u00a0<a class=\"wp-block-latest-posts__read-more\" href=\"https:\/\/jg-michelsberg.com\/index.php\/en\/2020\/10\/05\/a-lot-of-political-support-at-rosh-hashanah\/\" rel=\"noopener noreferrer\"><span class=\"screen-reader-text\">A Lot of Political Support At Rosh Hashanah <\/span>weiterlesen<\/a><\/div><\/li>\n<li><a class=\"wp-block-latest-posts__post-title\" href=\"https:\/\/jg-michelsberg.com\/index.php\/en\/2020\/10\/05\/for-the-first-time-in-82-years-batja-celebrates-rosh-hashanah-in-a-jewish-congregation-in-germany-again\/\">For The First Time in 82 Years, Batja Celebrates Rosh Hashanah in a Jewish Congregation in Germany Again<\/a><time datetime=\"2020-10-05T16:08:04+02:00\" class=\"wp-block-latest-posts__post-date\">Oktober 5, 2020<\/time><div class=\"wp-block-latest-posts__post-excerpt\">To celebrate the High Jewish Holidays during times of COVID-19, we had to be imaginative. Of course health is of supreme importance for our congregation. Nonetheless we wanted to celebrate the important Jewish holidays Rosh Hashanah and Yom Kippur together as far as possible &#8211; and also to remind the City of Wiesbaden and our\u2026\u00a0<a class=\"wp-block-latest-posts__read-more\" href=\"https:\/\/jg-michelsberg.com\/index.php\/en\/2020\/10\/05\/for-the-first-time-in-82-years-batja-celebrates-rosh-hashanah-in-a-jewish-congregation-in-germany-again\/\" rel=\"noopener noreferrer\"><span class=\"screen-reader-text\">For The First Time in 82 Years, Batja Celebrates Rosh Hashanah in a Jewish Congregation in Germany Again <\/span>weiterlesen<\/a><\/div><\/li>\n<li><a class=\"wp-block-latest-posts__post-title\" href=\"https:\/\/jg-michelsberg.com\/index.php\/en\/2020\/09\/13\/wreath-laying-ceremony-honouring-end-of-war\/\">Wreath Laying Ceremony Honouring End of War<\/a><time datetime=\"2020-09-13T13:06:00+02:00\" class=\"wp-block-latest-posts__post-date\">September 13, 2020<\/time><div class=\"wp-block-latest-posts__post-excerpt\">In May 2020 large ceremonies on the occasion of the 75 anniversary of the end of the war had been planned. Unfortunately, the Covid-19 risks prevented this. Dates like that one do not only give us reason for celebration. We mourn our family members that lost their lifes during the times of the Shoah. We\u2026\u00a0<a class=\"wp-block-latest-posts__read-more\" href=\"https:\/\/jg-michelsberg.com\/index.php\/en\/2020\/09\/13\/wreath-laying-ceremony-honouring-end-of-war\/\" rel=\"noopener noreferrer\"><span class=\"screen-reader-text\">Wreath Laying Ceremony Honouring End of War <\/span>weiterlesen<\/a><\/div><\/li>\n<li><a class=\"wp-block-latest-posts__post-title\" href=\"https:\/\/jg-michelsberg.com\/index.php\/en\/2020\/08\/05\/99th-birthday-of-our-oldest-member\/\">99th Birthday of Our Oldest Member<\/a><time datetime=\"2020-08-05T11:31:49+02:00\" class=\"wp-block-latest-posts__post-date\">August 5, 2020<\/time><div class=\"wp-block-latest-posts__post-excerpt\">Due to the situation of the last few months, we publish this news item somewhat late: On 20 Feb 2020, the oldest member of our congregation, Leo Schwarzbaum, turned 99 years old. The Torah from which was read during the first memorial service of our congregation on 27 Jan 2020 at Michelsberg, has been provided\u2026\u00a0<a class=\"wp-block-latest-posts__read-more\" href=\"https:\/\/jg-michelsberg.com\/index.php\/en\/2020\/08\/05\/99th-birthday-of-our-oldest-member\/\" rel=\"noopener noreferrer\"><span class=\"screen-reader-text\">99th Birthday of Our Oldest Member <\/span>weiterlesen<\/a><\/div><\/li>\n<li><a class=\"wp-block-latest-posts__post-title\" href=\"https:\/\/jg-michelsberg.com\/index.php\/en\/2020\/02\/11\/media-reports-about-our-founding\/\">Media Reports About Our Founding<\/a><time datetime=\"2020-02-11T11:26:22+01:00\" class=\"wp-block-latest-posts__post-date\">Februar 11, 2020<\/time><div class=\"wp-block-latest-posts__post-excerpt\">We are enthusiastic about the attention our official formation has drawn early this year &#8211; the first formation of a Reconstructionist congregation in Germany! Julia Kleiner has written in the Wiesbadener Kurier under the headline \u201cWeitere j\u00fcdische Gemeinde in Wiesbaden gegr\u00fcndet\u201d: In Wiesbaden hat sich eine weitere j\u00fcdische Gemeinde gegr\u00fcndet, die progressive j\u00fcdische Gemeinde. https:\/\/www.wiesbadener-kurier.de\/lokales\/wiesbaden\/nachrichten-wiesbaden\/weitere-judische-gemeinde-in-wiesbaden-gegrundet_21182796\u2026\u00a0<a class=\"wp-block-latest-posts__read-more\" href=\"https:\/\/jg-michelsberg.com\/index.php\/en\/2020\/02\/11\/media-reports-about-our-founding\/\" rel=\"noopener noreferrer\"><span class=\"screen-reader-text\">Media Reports About Our Founding <\/span>weiterlesen<\/a><\/div><\/li>\n<li><a class=\"wp-block-latest-posts__post-title\" href=\"https:\/\/jg-michelsberg.com\/index.php\/en\/2020\/01\/06\/rabbi-maurice-harris-visits-us\/\">Rabbi Maurice Harris Visits Us<\/a><time datetime=\"2020-01-06T10:44:00+01:00\" class=\"wp-block-latest-posts__post-date\">Januar 6, 2020<\/time><div class=\"wp-block-latest-posts__post-excerpt\">In November last year Rabbi Maurice Harris, the Associate Director for Thriving Communities and Israel Affairs Specialist of Reconstructing Judaism visited us. His visit was an important signal of support for our at that time still fledgling community. Last not least, the SV Wehen Wiesbaden has a new supporter in the USA since an almost\u2026\u00a0<a class=\"wp-block-latest-posts__read-more\" href=\"https:\/\/jg-michelsberg.com\/index.php\/en\/2020\/01\/06\/rabbi-maurice-harris-visits-us\/\" rel=\"noopener noreferrer\"><span class=\"screen-reader-text\">Rabbi Maurice Harris Visits Us <\/span>weiterlesen<\/a><\/div><\/li>\n<\/ul>","protected":false},"excerpt":{"rendered":"","protected":false},"author":1,"featured_media":486,"parent":0,"menu_order":0,"comment_status":"closed","ping_status":"closed","template":"","meta":{"activitypub_content_warning":"","activitypub_content_visibility":"","activitypub_max_image_attachments":10,"activitypub_interaction_policy_quote":"anyone","activitypub_status":"","footnotes":""},"class_list":["post-458","page","type-page","status-publish","has-post-thumbnail","hentry"],"_links":{"self":[{"href":"https:\/\/jg-michelsberg.com\/index.php\/wp-json\/wp\/v2\/pages\/458","targetHints":{"allow":["GET"]}}],"collection":[{"href":"https:\/\/jg-michelsberg.com\/index.php\/wp-json\/wp\/v2\/pages"}],"about":[{"href":"https:\/\/jg-michelsberg.com\/index.php\/wp-json\/wp\/v2\/types\/page"}],"author":[{"embeddable":true,"href":"https:\/\/jg-michelsberg.com\/index.php\/wp-json\/wp\/v2\/users\/1"}],"replies":[{"embeddable":true,"href":"https:\/\/jg-michelsberg.com\/index.php\/wp-json\/wp\/v2\/comments?post=458"}],"version-history":[{"count":4,"href":"https:\/\/jg-michelsberg.com\/index.php\/wp-json\/wp\/v2\/pages\/458\/revisions"}],"predecessor-version":[{"id":517,"href":"https:\/\/jg-michelsberg.com\/index.php\/wp-json\/wp\/v2\/pages\/458\/revisions\/517"}],"wp:featuredmedia":[{"embeddable":true,"href":"https:\/\/jg-michelsberg.com\/index.php\/wp-json\/wp\/v2\/media\/486"}],"wp:attachment":[{"href":"https:\/\/jg-michelsberg.com\/index.php\/wp-json\/wp\/v2\/media?parent=458"}],"curies":[{"name":"wp","href":"https:\/\/api.w.org\/{rel}","templated":true}]}}